{"id":1367,"date":"2022-11-16T17:28:08","date_gmt":"2022-11-16T17:28:08","guid":{"rendered":"https:\/\/www.challenge-family.com\/frejus\/?page_id=1367"},"modified":"2023-05-10T10:31:00","modified_gmt":"2023-05-10T10:31:00","slug":"parcours-2","status":"publish","type":"page","link":"https:\/\/challenge-frejus.com\/fr\/information-sur-les-courses\/parcours-2\/","title":{"rendered":"Parcours"},"content":{"rendered":"<div class=\"wpb-content-wrapper\">[vc_row][vc_column][mk_fancy_title size=\u00a0\u00bb30&Prime; font_family=\u00a0\u00bbnone\u00a0\u00bb]Parcours<\/p>\n<p>Distance S[\/mk_fancy_title][vc_row_inner][vc_column_inner width=\u00a0\u00bb1\/2&Prime; css=\u00a0\u00bb.vc_custom_1415529579939{margin-bottom: 40px !important;}\u00a0\u00bb][mk_fancy_title color=\u00a0\u00bb#e2001a\u00a0\u00bb size=\u00a0\u00bb24&Prime; margin_bottom=\u00a0\u00bb5&Prime; font_family=\u00a0\u00bbnone\u00a0\u00bb]Nage[\/mk_fancy_title][mk_fancy_title tag_name=\u00a0\u00bbh4&Prime; size=\u00a0\u00bb16&Prime; font_weight=\u00a0\u00bbbold\u00a0\u00bb txt_transform=\u00a0\u00bbnone\u00a0\u00bb font_family=\u00a0\u00bbnone\u00a0\u00bb]750m[\/mk_fancy_title][vc_column_text css=\u00a0\u00bb.vc_custom_1677765744371{margin-bottom: 0px !important;}\u00a0\u00bb]Natation en mer dans la magnifique plage de sable de base nature de Frejus<\/p>\n<p>D\u00e9part en Mass Start en 1 lap de 750 m\u00a0 avec une sortie \u00e0 l\u2019australienne[\/vc_column_text][\/vc_column_inner][vc_column_inner width=\u00a0\u00bb1\/2&Prime; css=\u00a0\u00bb.vc_custom_1415529567907{margin-bottom: 40px !important;}\u00a0\u00bb][vc_raw_html]JTNDaWZyYW1lJTIwd2lkdGglM0QlMjIxMDAlMjUlMjIlMjBoZWlnaHQlM0QlMjI2NTAlMjIlMjBzcmMlM0QlMjJodHRwcyUzQSUyRiUyRnd3dy5vcGVucnVubmVyLmNvbSUyRmVtYmVkJTJGMmI3MDcyNGQ3MzU2MzU0ZjU4NzI3MDY5NTA0YTRiNTc0OTMxNzU0ZjY5MmY3NjY2NDk1ODUwNTY0MTc0NDg2NjU5NzY2YzRhNDYzNTVhNjc0NTU4NDkzZDNhM2FkNTAwZmNhNDdiOGEyYTcyN2VmODkzNDk0ZTZiMzU3ZiUzRnVuaXQlM0RtZXRyaWMlMjIlM0UlM0MlMkZpZnJhbWUlM0U=[\/vc_raw_html][mk_button dimension=\u00a0\u00bbflat\u00a0\u00bb size=\u00a0\u00bbmedium\u00a0\u00bb url=\u00a0\u00bbhttps:\/\/www.openrunner.com\/route-details\/14438208?utm_medium=embed&amp;utm_source=\u00a0\u00bb target=\u00a0\u00bb_blank\u00a0\u00bb]Voir sur OpenRunner[\/mk_button][\/vc_column_inner][\/vc_row_inner][vc_row_inner][vc_column_inner][mk_divider style=\u00a0\u00bbthin_solid\u00a0\u00bb margin_top=\u00a0\u00bb0&Prime; margin_bottom=\u00a0\u00bb45&Prime;][\/vc_column_inner][\/vc_row_inner][vc_row_inner][vc_column_inner width=\u00a0\u00bb1\/2&Prime; css=\u00a0\u00bb.vc_custom_1415529585441{margin-bottom: 40px !important;}\u00a0\u00bb][vc_raw_html]JTNDaWZyYW1lJTIwd2lkdGglM0QlMjIxMDAlMjUlMjIlMjBoZWlnaHQlM0QlMjI2NTAlMjIlMjBzcmMlM0QlMjJodHRwcyUzQSUyRiUyRnd3dy5vcGVucnVubmVyLmNvbSUyRmVtYmVkJTJGNzczMjc3MzY3NzY5NzQ2YjQ4NDk2YTc0NmU1OTRmMzU2ZTU3NzU3MDJiMzQyZjU0NzI2YzYxNTM2MzM4NzIyYjQ5NmI0MzYzMzgzNzcyMzY0YjczNzczZDNhM2FhYzNiYTNlY2I0MTNlNGQ3YmU5OTdhMTA3YWMwZGY5YSUzRnVuaXQlM0RtZXRyaWMlMEElMjIlM0UlM0MlMkZpZnJhbWUlM0U=[\/vc_raw_html][mk_button dimension=\u00a0\u00bbflat\u00a0\u00bb size=\u00a0\u00bbmedium\u00a0\u00bb url=\u00a0\u00bbhttps:\/\/www.openrunner.com\/embed\/773277367769746b48496a746e594f356e5775702b342f54726c61536338722b496b4363383772364b73773d3a3aac3ba3ecb413e4d7be997a107ac0df9a?unit=metric\u00a0\u00bb target=\u00a0\u00bb_blank\u00a0\u00bb]Voir sur OpenRunner[\/mk_button][\/vc_column_inner][vc_column_inner width=\u00a0\u00bb1\/2&Prime; css=\u00a0\u00bb.vc_custom_1415529590552{margin-bottom: 40px !important;}\u00a0\u00bb][mk_fancy_title color=\u00a0\u00bb#e2001a\u00a0\u00bb size=\u00a0\u00bb24&Prime; margin_bottom=\u00a0\u00bb5&Prime; font_family=\u00a0\u00bbnone\u00a0\u00bb]V\u00e9lo[\/mk_fancy_title][mk_fancy_title tag_name=\u00a0\u00bbh4&Prime; size=\u00a0\u00bb16&Prime; font_weight=\u00a0\u00bbbold\u00a0\u00bb txt_transform=\u00a0\u00bbnone\u00a0\u00bb font_family=\u00a0\u00bbnone\u00a0\u00bb]21km[\/mk_fancy_title][vc_column_text css=\u00a0\u00bb.vc_custom_1677765808107{margin-bottom: 0px !important;}\u00a0\u00bb]Circuit ferm\u00e9 \u00e0 la circulation<\/p>\n<p>Vous allez \u00e9voluer sur le m\u00eame parcours que le GP D1<\/p>\n<p>Plat, urbain ,technique et ultra rapide !<\/p>\n<p>Le Dafting sera autoris\u00e9[\/vc_column_text][\/vc_column_inner][\/vc_row_inner][vc_row_inner][vc_column_inner][mk_divider style=\u00a0\u00bbthin_solid\u00a0\u00bb margin_top=\u00a0\u00bb0&Prime; margin_bottom=\u00a0\u00bb45&Prime;][\/vc_column_inner][\/vc_row_inner][vc_row_inner][vc_column_inner width=\u00a0\u00bb1\/2&Prime; css=\u00a0\u00bb.vc_custom_1415529579939{margin-bottom: 40px !important;}\u00a0\u00bb][mk_fancy_title color=\u00a0\u00bb#e2001a\u00a0\u00bb size=\u00a0\u00bb24&Prime; margin_bottom=\u00a0\u00bb5&Prime; font_family=\u00a0\u00bbnone\u00a0\u00bb]Course \u00e0 pied[\/mk_fancy_title][mk_fancy_title tag_name=\u00a0\u00bbh4&Prime; size=\u00a0\u00bb16&Prime; font_weight=\u00a0\u00bbbold\u00a0\u00bb txt_transform=\u00a0\u00bbnone\u00a0\u00bb font_family=\u00a0\u00bbnone\u00a0\u00bb]5,26km[\/mk_fancy_title][vc_column_text css=\u00a0\u00bb.vc_custom_1677765834315{margin-bottom: 0px !important;}\u00a0\u00bb]La course \u00e0 pied sera plate mais technique avec un enchainement de passage de sigel et d\u2019asphalte<\/p>\n<p>100 % dans la base nature et s\u00e9curis\u00e9 .<\/p>\n<p>Dans un cadre pr\u00e9serv\u00e9 au milieu de la nature , une course \u00e0 pied tr\u00e8s ludique<\/p>\n<p>avec deux boucles de 2,5 km[\/vc_column_text][\/vc_column_inner][vc_column_inner width=\u00a0\u00bb1\/2&Prime; css=\u00a0\u00bb.vc_custom_1415529567907{margin-bottom: 40px !important;}\u00a0\u00bb][vc_raw_html]JTNDaWZyYW1lJTIwd2lkdGglM0QlMjIxMDAlMjUlMjIlMjBoZWlnaHQlM0QlMjI2NTAlMjIlMjBzcmMlM0QlMjJodHRwcyUzQSUyRiUyRnd3dy5vcGVucnVubmVyLmNvbSUyRmVtYmVkJTJGNGI2NTZkNGQ2MjZjNjQ3MzZjNmI1OTM4NzI1Njc5NTQ0YjRiNDUzMTdhNjY2MTM5NjczNTM4NDc1MjUyNTE0NTM1NGI2ODU3NGQ0YjMyNTM0NDQ0NTUzZDNhM2ExMDkwOTI0NThkYjdkMGU2M2RkNmZiOGI5ZTA2OTZmYiUzRnVuaXQlM0RtZXRyaWMlMEElMjIlM0UlM0MlMkZpZnJhbWUlM0U=[\/vc_raw_html][mk_button dimension=\u00a0\u00bbflat\u00a0\u00bb size=\u00a0\u00bbmedium\u00a0\u00bb url=\u00a0\u00bbhttps:\/\/www.openrunner.com\/route-details\/14354009?utm_medium=embed&amp;utm_source=\u00a0\u00bb target=\u00a0\u00bb_blank\u00a0\u00bb]Voir sur OpenRunner[\/mk_button][\/vc_column_inner][\/vc_row_inner][\/vc_column][\/vc_row][vc_row css=\u00a0\u00bb.vc_custom_1668619191891{padding-top: 100px !important;}\u00a0\u00bb][vc_column][mk_fancy_title size=\u00a0\u00bb30&Prime; font_family=\u00a0\u00bbnone\u00a0\u00bb]Parcours<\/p>\n<p>Olympic distance M<\/p>\n[\/mk_fancy_title][vc_row_inner][vc_column_inner width=\u00a0\u00bb1\/2&Prime; css=\u00a0\u00bb.vc_custom_1415529579939{margin-bottom: 40px !important;}\u00a0\u00bb][mk_fancy_title color=\u00a0\u00bb#e2001a\u00a0\u00bb size=\u00a0\u00bb24&Prime; margin_bottom=\u00a0\u00bb5&Prime; font_family=\u00a0\u00bbnone\u00a0\u00bb]Swim[\/mk_fancy_title][mk_fancy_title tag_name=\u00a0\u00bbh4&Prime; size=\u00a0\u00bb16&Prime; font_weight=\u00a0\u00bbbold\u00a0\u00bb txt_transform=\u00a0\u00bbnone\u00a0\u00bb font_family=\u00a0\u00bbnone\u00a0\u00bb]1,5 km[\/mk_fancy_title][vc_column_text css=\u00a0\u00bb.vc_custom_1668540726964{margin-bottom: 0px !important;}\u00a0\u00bb]Natation en mer dans la magnifique plage de sable de base nature de Frejus<\/p>\n<p>D\u00e9part en Mass Start en 2 laps de 750 m\u00a0 avec une sortie \u00e0 l\u2019australienne[\/vc_column_text][mk_button dimension=\u00a0\u00bbflat\u00a0\u00bb size=\u00a0\u00bbmedium\u00a0\u00bb url=\u00a0\u00bbhttps:\/\/www.openrunner.com\/route-details\/14438208&Prime; target=\u00a0\u00bb_blank\u00a0\u00bb]Voir sur OpenRunner[\/mk_button][\/vc_column_inner][vc_column_inner width=\u00a0\u00bb1\/2&Prime; css=\u00a0\u00bb.vc_custom_1415529567907{margin-bottom: 40px !important;}\u00a0\u00bb][vc_raw_html]JTNDaWZyYW1lJTIwd2lkdGglM0QlMjIxMDAlMjUlMjIlMjBoZWlnaHQlM0QlMjI2NTAlMjIlMjBzcmMlM0QlMjJodHRwcyUzQSUyRiUyRnd3dy5vcGVucnVubmVyLmNvbSUyRmVtYmVkJTJGNmI2ZTYyNTQ0NjZhNTY3OTQ2NjkzNDJmNGM0NTRmMzk3NzY5NmE1MDYyNmM0NjU3Nzk1NTQ2NDQ1NjUyMzg0OTUyNTI2YjRmMzg1MDcwMmI3MDM1NzczZDNhM2E5ZWVlNzU0OTM2YmYxNjUzOWJlNDJkZDU5NTczOTY3MCUzRnVuaXQlM0RtZXRyaWMlMjIlM0UlM0MlMkZpZnJhbWUlM0U=[\/vc_raw_html][\/vc_column_inner][\/vc_row_inner][vc_row_inner][vc_column_inner][mk_divider style=\u00a0\u00bbthin_solid\u00a0\u00bb margin_top=\u00a0\u00bb0&Prime; margin_bottom=\u00a0\u00bb45&Prime;][\/vc_column_inner][\/vc_row_inner][vc_row_inner][vc_column_inner width=\u00a0\u00bb1\/2&Prime; css=\u00a0\u00bb.vc_custom_1415529585441{margin-bottom: 40px !important;}\u00a0\u00bb][vc_raw_html]JTNDaWZyYW1lJTIwd2lkdGglM0QlMjIxMDAlMjUlMjIlMjBoZWlnaHQlM0QlMjI2NTAlMjIlMjBzcmMlM0QlMjJodHRwcyUzQSUyRiUyRnd3dy5vcGVucnVubmVyLmNvbSUyRmVtYmVkJTJGNDI3MjcwNjYzMTRlNTE0NTQyMzE3NjJmMzUzNDY1NGYzNjc2NjI2NjUyMmY2NzQzMzU2MjZlN2E0ZTQyNTc0NDcwNDY1NzY4NDU0NjUzNTk0YTMwNjMzZDNhM2EzMGFiODk2NjY4MTVjY2JkNjJkMTgyNGI2M2QxMzkwYSUzRnVuaXQlM0RtZXRyaWMlMjIlM0UlM0MlMkZpZnJhbWUlM0U=[\/vc_raw_html][\/vc_column_inner][vc_column_inner width=\u00a0\u00bb1\/2&Prime; css=\u00a0\u00bb.vc_custom_1415529590552{margin-bottom: 40px !important;}\u00a0\u00bb][mk_fancy_title color=\u00a0\u00bb#e2001a\u00a0\u00bb size=\u00a0\u00bb24&Prime; margin_bottom=\u00a0\u00bb5&Prime; font_family=\u00a0\u00bbnone\u00a0\u00bb]Bike[\/mk_fancy_title][mk_fancy_title tag_name=\u00a0\u00bbh4&Prime; size=\u00a0\u00bb16&Prime; font_weight=\u00a0\u00bbbold\u00a0\u00bb txt_transform=\u00a0\u00bbnone\u00a0\u00bb font_family=\u00a0\u00bbnone\u00a0\u00bb]38 km[\/mk_fancy_title][vc_column_text css=\u00a0\u00bb.vc_custom_1668540781069{margin-bottom: 0px !important;}\u00a0\u00bb]Un parcours varois majestueux et vari\u00e9<\/p>\n<p>Vous allez enchainer le bord de mer et le col du Bougnon pour ensuite \u00e9voluer sur un parcours dans l\u2019arriere pays varois en un seul boucle[\/vc_column_text][mk_button dimension=\u00a0\u00bbflat\u00a0\u00bb size=\u00a0\u00bbmedium\u00a0\u00bb url=\u00a0\u00bbhttps:\/\/www.openrunner.com\/route-details\/16180713?utm_medium=embed&amp;utm_source=\u00a0\u00bb target=\u00a0\u00bb_blank\u00a0\u00bb]Voir sur OpenRunner[\/mk_button][\/vc_column_inner][\/vc_row_inner][vc_row_inner][vc_column_inner][mk_divider style=\u00a0\u00bbthin_solid\u00a0\u00bb margin_top=\u00a0\u00bb0&Prime; margin_bottom=\u00a0\u00bb45&Prime;][\/vc_column_inner][\/vc_row_inner][vc_row_inner][vc_column_inner width=\u00a0\u00bb1\/2&Prime; css=\u00a0\u00bb.vc_custom_1415529579939{margin-bottom: 40px !important;}\u00a0\u00bb][mk_fancy_title color=\u00a0\u00bb#e2001a\u00a0\u00bb size=\u00a0\u00bb24&Prime; margin_bottom=\u00a0\u00bb5&Prime; font_family=\u00a0\u00bbnone\u00a0\u00bb]Run[\/mk_fancy_title][mk_fancy_title tag_name=\u00a0\u00bbh4&Prime; size=\u00a0\u00bb16&Prime; font_weight=\u00a0\u00bbbold\u00a0\u00bb txt_transform=\u00a0\u00bbnone\u00a0\u00bb font_family=\u00a0\u00bbnone\u00a0\u00bb]10 km[\/mk_fancy_title][vc_column_text css=\u00a0\u00bb.vc_custom_1668540800437{margin-bottom: 0px !important;}\u00a0\u00bb]La course \u00e0 pied sera plate mais technique avec un enchainement de passage de sigle et d\u2019asphalte 100 % dans la base nature<\/p>\n<p>Dans un cadre pr\u00e9serv\u00e9 au milieu de la nature , une course \u00e0 pied tr\u00e8s ludique avec 2 laps de 5 km[\/vc_column_text][mk_button dimension=\u00a0\u00bbflat\u00a0\u00bb size=\u00a0\u00bbmedium\u00a0\u00bb url=\u00a0\u00bbhttps:\/\/www.openrunner.com\/route-details\/15828757&Prime; target=\u00a0\u00bb_blank\u00a0\u00bb]Voir sur OpenRunner[\/mk_button][\/vc_column_inner][vc_column_inner width=\u00a0\u00bb1\/2&Prime; css=\u00a0\u00bb.vc_custom_1415529567907{margin-bottom: 40px !important;}\u00a0\u00bb][vc_raw_html]JTNDaWZyYW1lJTIwd2lkdGglM0QlMjIxMDAlMjUlMjIlMjBoZWlnaHQlM0QlMjI2NTAlMjIlMjBzcmMlM0QlMjJodHRwcyUzQSUyRiUyRnd3dy5vcGVucnVubmVyLmNvbSUyRmVtYmVkJTJGNmQ3MTU5NmU1NDM3NGI2NjY3MzA2NTM3NDM0ZDM4NjMzNTZiNDg1YTQ1NmE1ODM2Njg2NDc3NzU3YTQ0MzI0ODc1N2E3MzZiNDQzNTQzNzYzODQ0MzAzZDNhM2E4MjJlOTIyNmE1NDI2MDc1Yzk0N2JlNWMzODRhODcxNCUzRnVuaXQlM0RtZXRyaWMlMjIlM0UlM0MlMkZpZnJhbWUlM0U=[\/vc_raw_html][\/vc_column_inner][\/vc_row_inner][\/vc_column][\/vc_row][vc_row css=\u00a0\u00bb.vc_custom_1668540008072{padding-top: 100px !important;}\u00a0\u00bb][vc_column][mk_fancy_title size=\u00a0\u00bb30&Prime; font_family=\u00a0\u00bbnone\u00a0\u00bb]Parcours<\/p>\n<p>Middle distance L[\/mk_fancy_title][vc_row_inner][vc_column_inner width=\u00a0\u00bb1\/2&Prime; css=\u00a0\u00bb.vc_custom_1415529579939{margin-bottom: 40px !important;}\u00a0\u00bb][mk_fancy_title color=\u00a0\u00bb#e2001a\u00a0\u00bb size=\u00a0\u00bb24&Prime; margin_bottom=\u00a0\u00bb5&Prime; font_family=\u00a0\u00bbnone\u00a0\u00bb]Swim[\/mk_fancy_title][mk_fancy_title tag_name=\u00a0\u00bbh4&Prime; size=\u00a0\u00bb16&Prime; font_weight=\u00a0\u00bbbold\u00a0\u00bb txt_transform=\u00a0\u00bbnone\u00a0\u00bb font_family=\u00a0\u00bbnone\u00a0\u00bb]1,9 km[\/mk_fancy_title][vc_column_text css=\u00a0\u00bb.vc_custom_1668540824716{margin-bottom: 0px !important;}\u00a0\u00bb]Natation en mer dans la magnifique plage de sable de base nature de Frejus<\/p>\n<p>D\u00e9part en Mass Start en 2 laps de 950 m\u00a0 avec une sortie \u00e0 l\u2019australienne[\/vc_column_text][mk_button dimension=\u00a0\u00bbflat\u00a0\u00bb size=\u00a0\u00bbmedium\u00a0\u00bb url=\u00a0\u00bbhttps:\/\/www.openrunner.com\/route-details\/15827044?utm_medium=embed&amp;utm_source=\u00a0\u00bb target=\u00a0\u00bb_blank\u00a0\u00bb]Voir sur OpenRunner[\/mk_button][\/vc_column_inner][vc_column_inner width=\u00a0\u00bb1\/2&Prime; css=\u00a0\u00bb.vc_custom_1415529567907{margin-bottom: 40px !important;}\u00a0\u00bb][vc_raw_html]JTNDaWZyYW1lJTIwc3JjJTNEJTIyaHR0cHMlM0ElMkYlMkZ3d3cub3BlbnJ1bm5lci5jb20lMkZlbWJlZCUyRjczNzU3MzRjNTAzMjc0NDQ1MTQ2NzI0MTc5MmY2MTYzNDE3MTRjNWE2MjU1NmQ2NDQzNTI3NzU5NmY3NDYyNDE0ZDZkNWE0MTQ3NDQ2MzM0MzM2NDc3M2QzYTNhOWJjYzRiZWRjY2QxYzgwYjllODVhYzlkNWY0ODYwNjYlM0Z1bml0JTNEbWV0cmljJTIyJTIwd2lkdGglM0QlMjIxMDAlMjUlMjIlMjBoZWlnaHQlM0QlMjI2NTAlMjIlM0UlM0MlMkZpZnJhbWUlM0U=[\/vc_raw_html][\/vc_column_inner][\/vc_row_inner][vc_row_inner][vc_column_inner][mk_divider style=\u00a0\u00bbthin_solid\u00a0\u00bb margin_top=\u00a0\u00bb0&Prime; margin_bottom=\u00a0\u00bb45&Prime;][\/vc_column_inner][\/vc_row_inner][vc_row_inner][vc_column_inner width=\u00a0\u00bb1\/2&Prime; css=\u00a0\u00bb.vc_custom_1415529585441{margin-bottom: 40px !important;}\u00a0\u00bb][vc_raw_html]JTNDaWZyYW1lJTIwd2lkdGglM0QlMjIxMDAlMjUlMjIlMjBoZWlnaHQlM0QlMjI2NTAlMjIlMjBzcmMlM0QlMjJodHRwcyUzQSUyRiUyRnd3dy5vcGVucnVubmVyLmNvbSUyRmVtYmVkJTJGNGM1NzU0NmEzNjU3NzM1NjJmNzc2Nzc5NTM1MTMxNGE2YTc4NTI0NzMxNjkyZjMxNDk3NTZmNGYzMzU4Njk2ZTRhNmU1MTY3NjUzNzY2NjM0YzU3NjczZDNhM2EzMjBlZDk4NzI3MjZjM2M4ZDM4YWY4MDRhOGY2OTZiOCUzRnVuaXQlM0RtZXRyaWMlMjIlM0UlM0MlMkZpZnJhbWUlM0U=[\/vc_raw_html][\/vc_column_inner][vc_column_inner width=\u00a0\u00bb1\/2&Prime; css=\u00a0\u00bb.vc_custom_1415529590552{margin-bottom: 40px !important;}\u00a0\u00bb][mk_fancy_title color=\u00a0\u00bb#e2001a\u00a0\u00bb size=\u00a0\u00bb24&Prime; margin_bottom=\u00a0\u00bb5&Prime; font_family=\u00a0\u00bbnone\u00a0\u00bb]Bike[\/mk_fancy_title][mk_fancy_title tag_name=\u00a0\u00bbh4&Prime; size=\u00a0\u00bb16&Prime; font_weight=\u00a0\u00bbbold\u00a0\u00bb txt_transform=\u00a0\u00bbnone\u00a0\u00bb font_family=\u00a0\u00bbnone\u00a0\u00bb]101 km[\/mk_fancy_title][vc_column_text css=\u00a0\u00bb.vc_custom_1668540839182{margin-bottom: 0px !important;}\u00a0\u00bb]Un parcours varois majestueux et vari\u00e9<\/p>\n<p>Vous allez enchainer le bord de mer et le col du Bougnon pour ensuite evoluer sur un parcours dans l\u2019arriere pays varois en un seul boucle[\/vc_column_text][mk_button dimension=\u00a0\u00bbflat\u00a0\u00bb size=\u00a0\u00bbmedium\u00a0\u00bb url=\u00a0\u00bbhttps:\/\/www.openrunner.com\/route-details\/15756259&Prime; target=\u00a0\u00bb_blank\u00a0\u00bb]Voir sur OpenRunner[\/mk_button][\/vc_column_inner][\/vc_row_inner][vc_row_inner][vc_column_inner][mk_divider style=\u00a0\u00bbthin_solid\u00a0\u00bb margin_top=\u00a0\u00bb0&Prime; margin_bottom=\u00a0\u00bb45&Prime;][\/vc_column_inner][\/vc_row_inner][vc_row_inner][vc_column_inner width=\u00a0\u00bb1\/2&Prime; css=\u00a0\u00bb.vc_custom_1415529579939{margin-bottom: 40px !important;}\u00a0\u00bb][mk_fancy_title color=\u00a0\u00bb#e2001a\u00a0\u00bb size=\u00a0\u00bb24&Prime; margin_bottom=\u00a0\u00bb5&Prime; font_family=\u00a0\u00bbnone\u00a0\u00bb]Run[\/mk_fancy_title][mk_fancy_title tag_name=\u00a0\u00bbh4&Prime; size=\u00a0\u00bb16&Prime; font_weight=\u00a0\u00bbbold\u00a0\u00bb txt_transform=\u00a0\u00bbnone\u00a0\u00bb font_family=\u00a0\u00bbnone\u00a0\u00bb]21 km[\/mk_fancy_title][vc_column_text css=\u00a0\u00bb.vc_custom_1668540856013{margin-bottom: 0px !important;}\u00a0\u00bb]La course \u00e0 pied sera plate mais technique avec un enchainement de passage de sigle et d\u2019asphalte 100 % dans la base nature<\/p>\n<p>Dans un cadre pr\u00e9serv\u00e9 au milieu de la nature , une course \u00e0 pied tr\u00e8s ludique avec 4 laps de 5,2 km[\/vc_column_text][mk_button dimension=\u00a0\u00bbflat\u00a0\u00bb size=\u00a0\u00bbmedium\u00a0\u00bb url=\u00a0\u00bbhttps:\/\/www.openrunner.com\/route-details\/15828757&Prime; target=\u00a0\u00bb_blank\u00a0\u00bb]Voir sur OpenRunner[\/mk_button][\/vc_column_inner][vc_column_inner width=\u00a0\u00bb1\/2&Prime; css=\u00a0\u00bb.vc_custom_1415529567907{margin-bottom: 40px !important;}\u00a0\u00bb][vc_raw_html]JTNDaWZyYW1lJTIwd2lkdGglM0QlMjIxMDAlMjUlMjIlMjBoZWlnaHQlM0QlMjI2NTAlMjIlMjBzcmMlM0QlMjJodHRwcyUzQSUyRiUyRnd3dy5vcGVucnVubmVyLmNvbSUyRmVtYmVkJTJGNmQ3MTU5NmU1NDM3NGI2NjY3MzA2NTM3NDM0ZDM4NjMzNTZiNDg1YTQ1NmE1ODM2Njg2NDc3NzU3YTQ0MzI0ODc1N2E3MzZiNDQzNTQzNzYzODQ0MzAzZDNhM2E4MjJlOTIyNmE1NDI2MDc1Yzk0N2JlNWMzODRhODcxNCUzRnVuaXQlM0RtZXRyaWMlMjIlM0UlM0MlMkZpZnJhbWUlM0U=[\/vc_raw_html][\/vc_column_inner][\/vc_row_inner][\/vc_column][\/vc_row]\n<\/div>","protected":false},"excerpt":{"rendered":"<p>[vc_row][vc_column][mk_fancy_title size=\u00a0\u00bb30&Prime; font_family=\u00a0\u00bbnone\u00a0\u00bb]Parcours Distance S[\/mk_fancy_title][vc_row_inner][vc_column_inner width=\u00a0\u00bb1\/2&Prime; css=\u00a0\u00bb.vc_custom_1415529579939{margin-bottom: 40px !important;}\u00a0\u00bb][mk_fancy_title color=\u00a0\u00bb#e2001a\u00a0\u00bb size=\u00a0\u00bb24&Prime; margin_bottom=\u00a0\u00bb5&Prime; font_family=\u00a0\u00bbnone\u00a0\u00bb]Nage[\/mk_fancy_title][mk_fancy_title tag_name=\u00a0\u00bbh4&Prime; size=\u00a0\u00bb16&Prime; font_weight=\u00a0\u00bbbold\u00a0\u00bb txt_transform=\u00a0\u00bbnone\u00a0\u00bb font_family=\u00a0\u00bbnone\u00a0\u00bb]750m[\/mk_fancy_title][vc_column_text css=\u00a0\u00bb.vc_custom_1677765744371{margin-bottom: 0px !important;}\u00a0\u00bb]Natation en mer dans la magnifique plage de sable de base nature de Frejus D\u00e9part en Mass Start en 1 lap de 750 m\u00a0 avec une sortie \u00e0 l\u2019australienne[\/vc_column_text][\/vc_column_inner][vc_column_inner width=\u00a0\u00bb1\/2&Prime; css=\u00a0\u00bb.vc_custom_1415529567907{margin-bottom: 40px !important;}\u00a0\u00bb][vc_raw_html]JTNDaWZyYW1lJTIwd2lkdGglM0QlMjIxMDAlMjUlMjIlMjBoZWlnaHQlM0QlMjI2NTAlMjIlMjBzcmMlM0QlMjJodHRwcyUzQSUyRiUyRnd3dy5vcGVucnVubmVyLmNvbSUyRmVtYmVkJTJGMmI3MDcyNGQ3MzU2MzU0ZjU4NzI3MDY5NTA0YTRiNTc0OTMxNzU0ZjY5MmY3NjY2NDk1ODUwNTY0MTc0NDg2NjU5NzY2YzRhNDYzNTVhNjc0NTU4NDkzZDNhM2FkNTAwZmNhNDdiOGEyYTcyN2VmODkzNDk0ZTZiMzU3ZiUzRnVuaXQlM0RtZXRyaWMlMjIlM0UlM0MlMkZpZnJhbWUlM0U=[\/vc_raw_html][mk_button dimension=\u00a0\u00bbflat\u00a0\u00bb size=\u00a0\u00bbmedium\u00a0\u00bb [&hellip;]<\/p>\n","protected":false},"author":467,"featured_media":0,"parent":1143,"menu_order":0,"comment_status":"closed","ping_status":"closed","template":"","meta":{"footnotes":""},"class_list":["post-1367","page","type-page","status-publish","hentry"],"yoast_head":"<!-- This site is optimized with the Yoast SEO plugin v25.6 - https:\/\/yoast.com\/wordpress\/plugins\/seo\/ -->\n<title>Parcours - Challenge Frejus<\/title>\n<meta name=\"robots\" content=\"index, follow, max-snippet:-1, max-image-preview:large, max-video-preview:-1\" \/>\n<link rel=\"canonical\" href=\"https:\/\/challenge-frejus.com\/fr\/information-sur-les-courses\/parcours-2\/\" \/>\n<meta property=\"og:locale\" content=\"fr_FR\" \/>\n<meta property=\"og:type\" content=\"article\" \/>\n<meta property=\"og:title\" content=\"Parcours - Challenge Frejus\" \/>\n<meta property=\"og:description\" content=\"[vc_row][vc_column][mk_fancy_title size=\u00a0\u00bb30&Prime; font_family=\u00a0\u00bbnone\u00a0\u00bb]Parcours Distance S[\/mk_fancy_title][vc_row_inner][vc_column_inner width=\u00a0\u00bb1\/2&Prime; css=\u00a0\u00bb.vc_custom_1415529579939{margin-bottom: 40px !important;}\u00a0\u00bb][mk_fancy_title color=\u00a0\u00bb#e2001a\u00a0\u00bb size=\u00a0\u00bb24&Prime; margin_bottom=\u00a0\u00bb5&Prime; font_family=\u00a0\u00bbnone\u00a0\u00bb]Nage[\/mk_fancy_title][mk_fancy_title tag_name=\u00a0\u00bbh4&Prime; size=\u00a0\u00bb16&Prime; font_weight=\u00a0\u00bbbold\u00a0\u00bb txt_transform=\u00a0\u00bbnone\u00a0\u00bb font_family=\u00a0\u00bbnone\u00a0\u00bb]750m[\/mk_fancy_title][vc_column_text css=\u00a0\u00bb.vc_custom_1677765744371{margin-bottom: 0px !important;}\u00a0\u00bb]Natation en mer dans la magnifique plage de sable de base nature de Frejus D\u00e9part en Mass Start en 1 lap de 750 m\u00a0 avec une sortie \u00e0 l\u2019australienne[\/vc_column_text][\/vc_column_inner][vc_column_inner width=\u00a0\u00bb1\/2&Prime; css=\u00a0\u00bb.vc_custom_1415529567907{margin-bottom: 40px !important;}\u00a0\u00bb][vc_raw_html]JTNDaWZyYW1lJTIwd2lkdGglM0QlMjIxMDAlMjUlMjIlMjBoZWlnaHQlM0QlMjI2NTAlMjIlMjBzcmMlM0QlMjJodHRwcyUzQSUyRiUyRnd3dy5vcGVucnVubmVyLmNvbSUyRmVtYmVkJTJGMmI3MDcyNGQ3MzU2MzU0ZjU4NzI3MDY5NTA0YTRiNTc0OTMxNzU0ZjY5MmY3NjY2NDk1ODUwNTY0MTc0NDg2NjU5NzY2YzRhNDYzNTVhNjc0NTU4NDkzZDNhM2FkNTAwZmNhNDdiOGEyYTcyN2VmODkzNDk0ZTZiMzU3ZiUzRnVuaXQlM0RtZXRyaWMlMjIlM0UlM0MlMkZpZnJhbWUlM0U=[\/vc_raw_html][mk_button dimension=\u00a0\u00bbflat\u00a0\u00bb size=\u00a0\u00bbmedium\u00a0\u00bb [&hellip;]\" \/>\n<meta property=\"og:url\" content=\"https:\/\/challenge-frejus.com\/fr\/information-sur-les-courses\/parcours-2\/\" \/>\n<meta property=\"og:site_name\" content=\"Challenge Frejus\" \/>\n<meta property=\"article:publisher\" content=\"https:\/\/www.facebook.com\/challengefrejus\/\" \/>\n<meta property=\"article:modified_time\" content=\"2023-05-10T10:31:00+00:00\" \/>\n<meta name=\"twitter:card\" content=\"summary_large_image\" \/>\n<meta name=\"twitter:label1\" content=\"Dur\u00e9e de lecture estim\u00e9e\" \/>\n\t<meta name=\"twitter:data1\" content=\"3 minutes\" \/>\n<script type=\"application\/ld+json\" class=\"yoast-schema-graph\">{\"@context\":\"https:\/\/schema.org\",\"@graph\":[{\"@type\":\"WebPage\",\"@id\":\"https:\/\/challenge-frejus.com\/fr\/information-sur-les-courses\/parcours-2\/\",\"url\":\"https:\/\/challenge-frejus.com\/fr\/information-sur-les-courses\/parcours-2\/\",\"name\":\"Parcours - Challenge Frejus\",\"isPartOf\":{\"@id\":\"https:\/\/challenge-frejus.com\/#website\"},\"datePublished\":\"2022-11-16T17:28:08+00:00\",\"dateModified\":\"2023-05-10T10:31:00+00:00\",\"breadcrumb\":{\"@id\":\"https:\/\/challenge-frejus.com\/fr\/information-sur-les-courses\/parcours-2\/#breadcrumb\"},\"inLanguage\":\"fr-FR\",\"potentialAction\":[{\"@type\":\"ReadAction\",\"target\":[\"https:\/\/challenge-frejus.com\/fr\/information-sur-les-courses\/parcours-2\/\"]}]},{\"@type\":\"BreadcrumbList\",\"@id\":\"https:\/\/challenge-frejus.com\/fr\/information-sur-les-courses\/parcours-2\/#breadcrumb\",\"itemListElement\":[{\"@type\":\"ListItem\",\"position\":1,\"name\":\"Home\",\"item\":\"https:\/\/challenge-frejus.com\/fr\/\"},{\"@type\":\"ListItem\",\"position\":2,\"name\":\"Information sur les courses\",\"item\":\"https:\/\/challenge-frejus.com\/fr\/information-sur-les-courses\/\"},{\"@type\":\"ListItem\",\"position\":3,\"name\":\"Parcours\"}]},{\"@type\":\"WebSite\",\"@id\":\"https:\/\/challenge-frejus.com\/#website\",\"url\":\"https:\/\/challenge-frejus.com\/\",\"name\":\"Challenge Frejus\",\"description\":\"We are triathlon\",\"publisher\":{\"@id\":\"https:\/\/challenge-frejus.com\/#organization\"},\"potentialAction\":[{\"@type\":\"SearchAction\",\"target\":{\"@type\":\"EntryPoint\",\"urlTemplate\":\"https:\/\/challenge-frejus.com\/?s={search_term_string}\"},\"query-input\":{\"@type\":\"PropertyValueSpecification\",\"valueRequired\":true,\"valueName\":\"search_term_string\"}}],\"inLanguage\":\"fr-FR\"},{\"@type\":\"Organization\",\"@id\":\"https:\/\/challenge-frejus.com\/#organization\",\"name\":\"Challenge Frejus\",\"url\":\"https:\/\/challenge-frejus.com\/\",\"logo\":{\"@type\":\"ImageObject\",\"inLanguage\":\"fr-FR\",\"@id\":\"https:\/\/challenge-frejus.com\/#\/schema\/logo\/image\/\",\"url\":\"https:\/\/challenge-frejus.com\/wp-content\/uploads\/sites\/58\/2022\/11\/cf-horizontal-rgb-neg.png\",\"contentUrl\":\"https:\/\/challenge-frejus.com\/wp-content\/uploads\/sites\/58\/2022\/11\/cf-horizontal-rgb-neg.png\",\"width\":1279,\"height\":356,\"caption\":\"Challenge Frejus\"},\"image\":{\"@id\":\"https:\/\/challenge-frejus.com\/#\/schema\/logo\/image\/\"},\"sameAs\":[\"https:\/\/www.facebook.com\/challengefrejus\/\",\"https:\/\/www.instagram.com\/challengefrejus\/\"]}]}<\/script>\n<!-- \/ Yoast SEO plugin. -->","yoast_head_json":{"title":"Parcours - Challenge Frejus","robots":{"index":"index","follow":"follow","max-snippet":"max-snippet:-1","max-image-preview":"max-image-preview:large","max-video-preview":"max-video-preview:-1"},"canonical":"https:\/\/challenge-frejus.com\/fr\/information-sur-les-courses\/parcours-2\/","og_locale":"fr_FR","og_type":"article","og_title":"Parcours - Challenge Frejus","og_description":"[vc_row][vc_column][mk_fancy_title size=\u00a0\u00bb30&Prime; font_family=\u00a0\u00bbnone\u00a0\u00bb]Parcours Distance S[\/mk_fancy_title][vc_row_inner][vc_column_inner width=\u00a0\u00bb1\/2&Prime; css=\u00a0\u00bb.vc_custom_1415529579939{margin-bottom: 40px !important;}\u00a0\u00bb][mk_fancy_title color=\u00a0\u00bb#e2001a\u00a0\u00bb size=\u00a0\u00bb24&Prime; margin_bottom=\u00a0\u00bb5&Prime; font_family=\u00a0\u00bbnone\u00a0\u00bb]Nage[\/mk_fancy_title][mk_fancy_title tag_name=\u00a0\u00bbh4&Prime; size=\u00a0\u00bb16&Prime; font_weight=\u00a0\u00bbbold\u00a0\u00bb txt_transform=\u00a0\u00bbnone\u00a0\u00bb font_family=\u00a0\u00bbnone\u00a0\u00bb]750m[\/mk_fancy_title][vc_column_text css=\u00a0\u00bb.vc_custom_1677765744371{margin-bottom: 0px !important;}\u00a0\u00bb]Natation en mer dans la magnifique plage de sable de base nature de Frejus D\u00e9part en Mass Start en 1 lap de 750 m\u00a0 avec une sortie \u00e0 l\u2019australienne[\/vc_column_text][\/vc_column_inner][vc_column_inner width=\u00a0\u00bb1\/2&Prime; css=\u00a0\u00bb.vc_custom_1415529567907{margin-bottom: 40px !important;}\u00a0\u00bb][vc_raw_html]JTNDaWZyYW1lJTIwd2lkdGglM0QlMjIxMDAlMjUlMjIlMjBoZWlnaHQlM0QlMjI2NTAlMjIlMjBzcmMlM0QlMjJodHRwcyUzQSUyRiUyRnd3dy5vcGVucnVubmVyLmNvbSUyRmVtYmVkJTJGMmI3MDcyNGQ3MzU2MzU0ZjU4NzI3MDY5NTA0YTRiNTc0OTMxNzU0ZjY5MmY3NjY2NDk1ODUwNTY0MTc0NDg2NjU5NzY2YzRhNDYzNTVhNjc0NTU4NDkzZDNhM2FkNTAwZmNhNDdiOGEyYTcyN2VmODkzNDk0ZTZiMzU3ZiUzRnVuaXQlM0RtZXRyaWMlMjIlM0UlM0MlMkZpZnJhbWUlM0U=[\/vc_raw_html][mk_button dimension=\u00a0\u00bbflat\u00a0\u00bb size=\u00a0\u00bbmedium\u00a0\u00bb [&hellip;]","og_url":"https:\/\/challenge-frejus.com\/fr\/information-sur-les-courses\/parcours-2\/","og_site_name":"Challenge Frejus","article_publisher":"https:\/\/www.facebook.com\/challengefrejus\/","article_modified_time":"2023-05-10T10:31:00+00:00","twitter_card":"summary_large_image","twitter_misc":{"Dur\u00e9e de lecture estim\u00e9e":"3 minutes"},"schema":{"@context":"https:\/\/schema.org","@graph":[{"@type":"WebPage","@id":"https:\/\/challenge-frejus.com\/fr\/information-sur-les-courses\/parcours-2\/","url":"https:\/\/challenge-frejus.com\/fr\/information-sur-les-courses\/parcours-2\/","name":"Parcours - Challenge Frejus","isPartOf":{"@id":"https:\/\/challenge-frejus.com\/#website"},"datePublished":"2022-11-16T17:28:08+00:00","dateModified":"2023-05-10T10:31:00+00:00","breadcrumb":{"@id":"https:\/\/challenge-frejus.com\/fr\/information-sur-les-courses\/parcours-2\/#breadcrumb"},"inLanguage":"fr-FR","potentialAction":[{"@type":"ReadAction","target":["https:\/\/challenge-frejus.com\/fr\/information-sur-les-courses\/parcours-2\/"]}]},{"@type":"BreadcrumbList","@id":"https:\/\/challenge-frejus.com\/fr\/information-sur-les-courses\/parcours-2\/#breadcrumb","itemListElement":[{"@type":"ListItem","position":1,"name":"Home","item":"https:\/\/challenge-frejus.com\/fr\/"},{"@type":"ListItem","position":2,"name":"Information sur les courses","item":"https:\/\/challenge-frejus.com\/fr\/information-sur-les-courses\/"},{"@type":"ListItem","position":3,"name":"Parcours"}]},{"@type":"WebSite","@id":"https:\/\/challenge-frejus.com\/#website","url":"https:\/\/challenge-frejus.com\/","name":"Challenge Frejus","description":"We are triathlon","publisher":{"@id":"https:\/\/challenge-frejus.com\/#organization"},"potentialAction":[{"@type":"SearchAction","target":{"@type":"EntryPoint","urlTemplate":"https:\/\/challenge-frejus.com\/?s={search_term_string}"},"query-input":{"@type":"PropertyValueSpecification","valueRequired":true,"valueName":"search_term_string"}}],"inLanguage":"fr-FR"},{"@type":"Organization","@id":"https:\/\/challenge-frejus.com\/#organization","name":"Challenge Frejus","url":"https:\/\/challenge-frejus.com\/","logo":{"@type":"ImageObject","inLanguage":"fr-FR","@id":"https:\/\/challenge-frejus.com\/#\/schema\/logo\/image\/","url":"https:\/\/challenge-frejus.com\/wp-content\/uploads\/sites\/58\/2022\/11\/cf-horizontal-rgb-neg.png","contentUrl":"https:\/\/challenge-frejus.com\/wp-content\/uploads\/sites\/58\/2022\/11\/cf-horizontal-rgb-neg.png","width":1279,"height":356,"caption":"Challenge Frejus"},"image":{"@id":"https:\/\/challenge-frejus.com\/#\/schema\/logo\/image\/"},"sameAs":["https:\/\/www.facebook.com\/challengefrejus\/","https:\/\/www.instagram.com\/challengefrejus\/"]}]}},"_links":{"self":[{"href":"https:\/\/challenge-frejus.com\/fr\/wp-json\/wp\/v2\/pages\/1367"}],"collection":[{"href":"https:\/\/challenge-frejus.com\/fr\/wp-json\/wp\/v2\/pages"}],"about":[{"href":"https:\/\/challenge-frejus.com\/fr\/wp-json\/wp\/v2\/types\/page"}],"author":[{"embeddable":true,"href":"https:\/\/challenge-frejus.com\/fr\/wp-json\/wp\/v2\/users\/467"}],"replies":[{"embeddable":true,"href":"https:\/\/challenge-frejus.com\/fr\/wp-json\/wp\/v2\/comments?post=1367"}],"version-history":[{"count":14,"href":"https:\/\/challenge-frejus.com\/fr\/wp-json\/wp\/v2\/pages\/1367\/revisions"}],"predecessor-version":[{"id":1950,"href":"https:\/\/challenge-frejus.com\/fr\/wp-json\/wp\/v2\/pages\/1367\/revisions\/1950"}],"up":[{"embeddable":true,"href":"https:\/\/challenge-frejus.com\/fr\/wp-json\/wp\/v2\/pages\/1143"}],"wp:attachment":[{"href":"https:\/\/challenge-frejus.com\/fr\/wp-json\/wp\/v2\/media?parent=1367"}],"curies":[{"name":"wp","href":"https:\/\/api.w.org\/{rel}","templated":true}]}}